{"id":2059,"date":"2022-10-24T14:23:58","date_gmt":"2022-10-24T12:23:58","guid":{"rendered":"https:\/\/www.sondermuenze.ch\/magazin\/neuer-glanz-fuer-die-glaenzenden-sondermuenzen\/"},"modified":"2023-06-29T14:02:44","modified_gmt":"2023-06-29T12:02:44","slug":"neuer-glanz-fuer-die-glaenzenden-sondermuenzen","status":"publish","type":"magazin","link":"https:\/\/www.sondermuenze.ch\/fr\/magazine\/neuer-glanz-fuer-die-glaenzenden-sondermuenzen\/","title":{"rendered":"Tout part d\u2019une id\u00e9e"},"content":{"rendered":"<div class=\"wpb-content-wrapper\">[vc_row][vc_column]<div class=\"section__text section__text--lead section__text--center intro-animation intro-animation--bottom\"><h1>Tout part<br \/>\nd\u2019une id\u00e9e<\/h1>\n<p>Nous \u00e9mettons le franc suisse sur mandat de la Conf\u00e9d\u00e9ration. Depuis 1936, nous fabriquons en outre des monnaies sp\u00e9ciales en vue d\u2019honorer des \u00e9v\u00e9nements historiques et culturels importants ou de rendre hommage \u00e0 des personnalit\u00e9s \u00e9minentes du pays. Cependant, le chemin qui m\u00e8ne de l\u2019id\u00e9e \u00e0 l\u2019\u00e9mission d\u2019une monnaie est long.<\/p>\n<\/div><div class=\"section__teaser_special\"><div class=\"teaser_special row_simple middle-xs \"><div class=\"teaser_special__media col-l-6 col-xs-12 intro-animation-mobile\"><div class=\"picture_container\"><picture><source srcset=\"https:\/\/www.sondermuenze.ch\/wp-content\/uploads\/swissmint-idee-praegeausschnitt-960x1200pxpx.jpg\"><img decoding=\"async\" src=\"https:\/\/www.sondermuenze.ch\/wp-content\/uploads\/swissmint-idee-praegeausschnitt-960x1200pxpx.jpg\" alt=\"1908: frappe de monnaie\" width=\"960\" height=\"1200\"\/><\/picture><\/div><span class=\"teaser_special__media__desc\">1908: frappe de monnaie<\/span><\/div><div class=\"teaser_special__content col-l-6 col-xs-12 intro-animation intro-animation--left\"><div class=\"teaser_special__content__inside\"><p>L\u2019histoire des monnaies sp\u00e9ciales remonte loin dans l\u2019histoire. Jusqu\u2019en 1963, des monnaies sp\u00e9ciales de 5 francs \u00e9taient frapp\u00e9es \u00e0 intervalles irr\u00e9guliers et servaient, on peut l\u2019avouer aujourd\u2019hui, de source de revenus suppl\u00e9mentaire pour la Conf\u00e9d\u00e9ration. Puis, cette derni\u00e8re a commenc\u00e9 \u00e0 pr\u00e9senter chaque ann\u00e9e un programme de frappe \u00e0 l\u2019intention des collectionneurs de monnaies en Suisse et \u00e0 l\u2019\u00e9tranger. Les monnaies \u00e9taient si possible \u00e9mises trois fois par an.<\/p>\n<p>Chaque id\u00e9e de monnaie prend sa source dans un calendrier o\u00f9 figurent les dates relatives \u00e0 d\u2019importantes personnalit\u00e9s suisses, comme leurs dates de naissance ou de d\u00e9c\u00e8s, ainsi que les dates d\u2019\u00e9v\u00e9nements historiques, culturels ou sociaux significatifs. Nous consid\u00e9rons ensuite ces dates en nous tournant vers l\u2019avenir: quels th\u00e8mes seront d\u2019actualit\u00e9 au moment de leur \u00e9mission? Quels \u00e9v\u00e9nements importants pour la soci\u00e9t\u00e9 auront lieu \u00e0 ce moment-l\u00e0?<\/p>\n<\/div><\/div><\/div><\/div><div class=\"section__teaser_special\"><div class=\"teaser_special row_simple reverse middle-xs \"><div class=\"teaser_special__media col-l-6 col-xs-12 intro-animation-mobile\"><div class=\"picture_container\"><picture><source srcset=\"https:\/\/www.sondermuenze.ch\/wp-content\/uploads\/swissmint-idee-neueidee-960x1200pxpx.jpg\"><img decoding=\"async\" src=\"https:\/\/www.sondermuenze.ch\/wp-content\/uploads\/swissmint-idee-neueidee-960x1200pxpx.jpg\" alt=\"Ideensuche\" width=\"960\" height=\"1200\"\/><\/picture><\/div><\/div><div class=\"teaser_special__content col-l-6 col-xs-12 intro-animation intro-animation--right\"><div class=\"teaser_special__content__inside\"><p>D\u00e8s qu\u2019une id\u00e9e \u00e9merge, nous soumettons une demande au chef ou \u00e0 la cheffe du D\u00e9partement f\u00e9d\u00e9ral des finances. Pour qu\u2019une demande soit accept\u00e9e, elle doit remplir trois crit\u00e8res: \u00eatre \u00e9tay\u00e9e par une argumentation coh\u00e9rente et convaincante, avoir un rapport \u00e9vident avec la Suisse et \u00eatre politiquement neutre. Le chef ou la cheffe d\u00e9cide en fin de compte de l\u2019id\u00e9e et la valide.<\/p>\n<\/div><\/div><\/div><\/div>[\/vc_column][\/vc_row]<\/div>","protected":false},"template":"","class_list":["post-2059","magazin","type-magazin","status-publish","hentry","thema-monnaies-speciales"],"acf":[],"_links":{"self":[{"href":"https:\/\/www.sondermuenze.ch\/fr\/wp-json\/wp\/v2\/magazin\/2059","targetHints":{"allow":["GET"]}}],"collection":[{"href":"https:\/\/www.sondermuenze.ch\/fr\/wp-json\/wp\/v2\/magazin"}],"about":[{"href":"https:\/\/www.sondermuenze.ch\/fr\/wp-json\/wp\/v2\/types\/magazin"}],"version-history":[{"count":3,"href":"https:\/\/www.sondermuenze.ch\/fr\/wp-json\/wp\/v2\/magazin\/2059\/revisions"}],"predecessor-version":[{"id":3531,"href":"https:\/\/www.sondermuenze.ch\/fr\/wp-json\/wp\/v2\/magazin\/2059\/revisions\/3531"}],"wp:attachment":[{"href":"https:\/\/www.sondermuenze.ch\/fr\/wp-json\/wp\/v2\/media?parent=2059"}],"curies":[{"name":"wp","href":"https:\/\/api.w.org\/{rel}","templated":true}]}}