{"id":861,"date":"2023-01-03T08:33:52","date_gmt":"2023-01-03T07:33:52","guid":{"rendered":"https:\/\/www.sondermuenze.ch\/?post_type=magazin&#038;p=861"},"modified":"2023-02-01T07:32:22","modified_gmt":"2023-02-01T06:32:22","slug":"gepraegte-hommage-an-eine-praegende-persoenlichkeit","status":"publish","type":"magazin","link":"https:\/\/www.sondermuenze.ch\/de\/magazin\/gepraegte-hommage-an-eine-praegende-persoenlichkeit\/","title":{"rendered":"Gepr\u00e4gte Hommage an eine pr\u00e4gende Pers\u00f6nlichkeit"},"content":{"rendered":"<div class=\"wpb-content-wrapper\">[vc_row][vc_column]<div class=\"section__text section__text--lead section__text--center intro-animation intro-animation--bottom\"><h1>Gepr\u00e4gte Hommage an eine pr\u00e4gende Pers\u00f6nlichkeit<\/h1>\n<p>Zum f\u00fcnfzigsten Mal j\u00e4hrte sich am 24. November 2022 der Todestag von Mani Matter \u2013 dem Berner Liedermacher, dessen Werk sich unausl\u00f6schbar in die Schweizer \u00abVolksseele\u00bb verwoben hat und bis heute generationenverbindend immer noch pr\u00e4sent ist. Als Hommage und Erinnerung an diese pr\u00e4gende Pers\u00f6nlichkeit hat die Schweizer Eidgenossenschaft eine Mani-Matter-Sonderm\u00fcnze herausgegeben.<\/p>\n<\/div><div class=\"section__teaser_special\"><div class=\"teaser_special row_simple middle-xs \"><div class=\"teaser_special__media col-l-6 col-xs-12 intro-animation-mobile\"><div class=\"picture_container\"><picture><source srcset=\"https:\/\/www.sondermuenze.ch\/wp-content\/uploads\/swissmint-website-magazin-1-sondermuenzen-gespraegte-hommage-960x960px-1.jpg\"><img decoding=\"async\" src=\"https:\/\/www.sondermuenze.ch\/wp-content\/uploads\/swissmint-website-magazin-1-sondermuenzen-gespraegte-hommage-960x960px-1.jpg\" alt=\"Neue Sonderm\u00fctze mit Mani Matter\" width=\"2000\" height=\"2000\"\/><\/picture><\/div><\/div><div class=\"teaser_special__content col-l-6 col-xs-12 intro-animation intro-animation--left\"><div class=\"teaser_special__content__inside\"><p>Sowas h\u00e4tte sich der kleine Remo Mascherini bestimmt nicht im Traum vorstellen k\u00f6nnen, als er als Bub die erste Schallplatte seines Lebens mit dem damals sauer zusammengesparten Geld gekauft hatte \u2013 es war die LP von Mani Matter mit dem Titel \u00abIr Ysebahn\u00bb: dass er n\u00e4mlich Jahrzehnte sp\u00e4ter die Sonderm\u00fcnze f\u00fcr Mani Matter w\u00fcrde kreieren d\u00fcrfen.<\/p>\n<p>Remo Mascherini ist K\u00fcnstler und Graveur bei Swissmint, jene Abteilung der Bundesverwaltung, die zust\u00e4ndig f\u00fcr die Kreation, Herstellung und Herausgabe der Schweizer Sonderm\u00fcnzen ist. \u00abIch bewundere das Werk von Mani Matter schon, seit ich Kind bin\u00bb, sagt der leidenschaftliche Designer, der mit seiner kreativen Handschrift schon viele Sonderm\u00fcnzen \u2013 im wahrsten Sinn des Wortes \u2013 gepr\u00e4gt hat.<\/p>\n<\/div><\/div><\/div><\/div><div class=\"section__text section__text--center intro-animation intro-animation--bottom\"><h3>\u00abEine umso gr\u00f6ssere Ehre und Genugtuung war es deshalb nat\u00fcrlich f\u00fcr mich, als ich mit der Aufgabe betraut wurde, die Mani-Matter-Sonderm\u00fcnze zu kreieren und zu modellieren\u00bb,<\/h3>\n<h4>erz\u00e4hlt Remo Mascherini sichtlich stolz und bewegt.<\/h4>\n<\/div>[\/vc_column][\/vc_row][vc_row][vc_column][vc_row_inner][vc_column_inner]<div class=\"section__text section__text--center intro-animation intro-animation--bottom\"><p><strong>Das Ziel: Mani Matter, wie er leibte und lebte<br \/>\n<\/strong>Grunds\u00e4tzlich hatte der K\u00fcnstler bei der Gestaltung freie Hand. Er wusste einfach, dass sie letztendlich \u2013 wie jede Sonderm\u00fcnze, die von der Schweizer Eidgenossenschaft herausgegeben wird \u2013 vom Bundesrat w\u00fcrde genehmigt werden m\u00fcssen. Eines war von Beginn weg klar: Auf der Vorderseite muss nat\u00fcrlich das Portrait von Mani Matter sein, und zwar so, wie man den Berner Liedermacher kannte und bis heute in Erinnerung hat. Die Kunst bestand darin, das Portrait in die Dreidimensionalit\u00e4t einer M\u00fcnzenpr\u00e4gung so umzusetzen, dass Mani Matter m\u00f6glichst \u00abunverf\u00e4lscht\u00bb wiedergegeben wird und andererseits auch die sogenannte Haptik (also das Gef\u00fchl beim Ber\u00fchren der M\u00fcnze) sch\u00f6n und angenehm ist. Erreicht hat Remo Mascherini dies zuerst durch das Erstellen von unz\u00e4hligen Zeichnungen und Entw\u00fcrfen. Den schliesslich ausgew\u00e4hlten Entwurf hat er dann in einen gegen\u00fcber der sp\u00e4teren M\u00fcnze um ein Mehrfaches gr\u00f6sseren Modellierblock gestochen.<\/p>\n<\/div>[\/vc_column_inner][\/vc_row_inner]<div class=\"section__teaser_special\"><div class=\"teaser_special row_simple reverse middle-xs \"><div class=\"teaser_special__media col-l-6 col-xs-12 intro-animation-mobile\"><div class=\"picture_container\"><picture><source srcset=\"https:\/\/www.sondermuenze.ch\/wp-content\/uploads\/swissmint-website-magazin-1-sondermuenzen-gespraegte-hommage-2-960x960px-1.jpg\"><img decoding=\"async\" src=\"https:\/\/www.sondermuenze.ch\/wp-content\/uploads\/swissmint-website-magazin-1-sondermuenzen-gespraegte-hommage-2-960x960px-1.jpg\" alt=\"R\u00fcckseite Mani Matter M\u00fcnze\" width=\"2000\" height=\"2000\"\/><\/picture><\/div><\/div><div class=\"teaser_special__content col-l-6 col-xs-12 intro-animation intro-animation--right\"><div class=\"teaser_special__content__inside\"><p><strong>\u00dcberraschung auf der R\u00fcckseite<br \/>\n<\/strong>Die Vorderseite war also klar \u2013 was aber soll die R\u00fcckseite der M\u00fcnze MANI MATTER zieren? \u00abEinerseits war f\u00fcr mich logisch, dass auf einer Sonderm\u00fcnze f\u00fcr einen Liedermacher ein Liedtext, respektive aus Platzgr\u00fcnden eine Strophe eines Liedtextes stehen muss\u00bb, sagt Remo Maschieri. Ausgew\u00e4hlt hat er aus dem reichhaltigen Repertoire von Mani Matter das Lied \u00abAlpenflug\u00bb, also ein bekanntes Werk des Liedermachers. V\u00f6llig unbekannt dagegen ist das Bild auf der M\u00fcnzen-R\u00fcckseite. Auf dieses Sujet ist der K\u00fcnstler im Rahmen der vielen Stunden gestossen, die er im Archiv verbrachte und w\u00e4hrend denen er unz\u00e4hlige Dokumente studierte. Irgendwann sei er dann auf eine Skizze gestossen, die ihn sofort faszinierte. Es handelt sich dabei um eine Zeichnung, die Mani Matter gemacht hatte und von deren Existenz offenbar bis heute niemand etwas wusste \u2013 offenbar nicht einmal die Familie. \u00abAls die Tochter von Mani Matter, zu uns in die Swissmint kam, um die M\u00fcnze zu begutachten, war sie jedenfalls \u00fcberrascht von der M\u00fcnzen-R\u00fcckseite, da sie selber diese Zeichnung vorher auch noch nie gesehen hatte\u00bb, erinnert sich Remo Mascherini an diesen unvergesslichen Moment, als er \u00abseine\u00bb M\u00fcnze der Vertreterin der Familie Matter pers\u00f6nlich pr\u00e4sentieren durfte.<\/p>\n<\/div><\/div><\/div><\/div>[\/vc_column][\/vc_row]<\/div>","protected":false},"template":"","class_list":["post-861","magazin","type-magazin","status-publish","hentry","thema-sondermuenzen"],"acf":[],"_links":{"self":[{"href":"https:\/\/www.sondermuenze.ch\/de\/wp-json\/wp\/v2\/magazin\/861","targetHints":{"allow":["GET"]}}],"collection":[{"href":"https:\/\/www.sondermuenze.ch\/de\/wp-json\/wp\/v2\/magazin"}],"about":[{"href":"https:\/\/www.sondermuenze.ch\/de\/wp-json\/wp\/v2\/types\/magazin"}],"version-history":[{"count":1,"href":"https:\/\/www.sondermuenze.ch\/de\/wp-json\/wp\/v2\/magazin\/861\/revisions"}],"predecessor-version":[{"id":2805,"href":"https:\/\/www.sondermuenze.ch\/de\/wp-json\/wp\/v2\/magazin\/861\/revisions\/2805"}],"wp:attachment":[{"href":"https:\/\/www.sondermuenze.ch\/de\/wp-json\/wp\/v2\/media?parent=861"}],"curies":[{"name":"wp","href":"https:\/\/api.w.org\/{rel}","templated":true}]}}